{"id":1394,"date":"2022-07-05T09:22:20","date_gmt":"2022-07-05T09:22:20","guid":{"rendered":"https:\/\/epigrama.co\/?post_type=elemenfolio&#038;p=1394"},"modified":"2022-07-05T22:53:49","modified_gmt":"2022-07-05T22:53:49","slug":"la-bici-nos-une","status":"publish","type":"elemenfolio","link":"https:\/\/epigrama.co\/en\/portfolio\/la-bici-nos-une\/","title":{"rendered":"LA BICI NOS UNE"},"content":{"rendered":"\t\t<div data-elementor-type=\"wp-post\" data-elementor-id=\"1394\" class=\"elementor elementor-1394\">\n\t\t\t\t\t\t<section class=\"elementor-section elementor-top-section elementor-element elementor-element-1efa804 elementor-section-boxed elementor-section-height-default elementor-section-height-default wpr-particle-no wpr-jarallax-no wpr-parallax-no wpr-sticky-section-no\" data-id=\"1efa804\" data-element_type=\"section\" data-settings=\"{&quot;shape_divider_bottom&quot;:&quot;tilt&quot;}\">\n\t\t\t\t\t<div class=\"elementor-shape elementor-shape-bottom\" data-negative=\"false\">\n\t\t\t<svg xmlns=\"http:\/\/www.w3.org\/2000\/svg\" viewBox=\"0 0 1000 100\" preserveAspectRatio=\"none\">\n\t<path class=\"elementor-shape-fill\" d=\"M0,6V0h1000v100L0,6z\"\/>\n<\/svg>\t\t<\/div>\n\t\t\t\t\t<div class=\"elementor-container elementor-column-gap-default\">\n\t\t\t\t\t<div class=\"elementor-column elementor-col-100 elementor-top-column elementor-element elementor-element-25667ca\" data-id=\"25667ca\" data-element_type=\"column\">\n\t\t\t<div class=\"elementor-widget-wrap elementor-element-populated\">\n\t\t\t\t\t\t<div class=\"elementor-element elementor-element-2a9b322 elementor-widget elementor-widget-video\" data-id=\"2a9b322\" data-element_type=\"widget\" data-settings=\"{&quot;video_type&quot;:&quot;vimeo&quot;}\" data-widget_type=\"video.default\">\n\t\t\t\t<div class=\"elementor-widget-container\">\n\t\t\t\t\t\t\t<div class=\"elementor-wrapper elementor-open-inline\">\n\t\t\t<iframe class=\"elementor-video-iframe\" allowfullscreen allow=\"clipboard-write\" title=\"vimeo Video Player\" src=\"https:\/\/player.vimeo.com\/video\/426319399?color=FDF622&amp;autopause=0&amp;loop=0&amp;muted=0&amp;title=0&amp;portrait=0&amp;byline=0#t=\"><\/iframe>\t\t<\/div>\n\t\t\t\t\t\t<\/div>\n\t\t\t\t<\/div>\n\t\t\t\t\t<\/div>\n\t\t<\/div>\n\t\t\t\t\t<\/div>\n\t\t<\/section>\n\t\t\t\t<section class=\"elementor-section elementor-top-section elementor-element elementor-element-36e0e1c elementor-section-boxed elementor-section-height-default elementor-section-height-default wpr-particle-no wpr-jarallax-no wpr-parallax-no wpr-sticky-section-no\" data-id=\"36e0e1c\" data-element_type=\"section\" data-settings=\"{&quot;background_background&quot;:&quot;classic&quot;}\">\n\t\t\t\t\t\t<div class=\"elementor-container elementor-column-gap-default\">\n\t\t\t\t\t<div class=\"elementor-column elementor-col-100 elementor-top-column elementor-element elementor-element-662b8c6\" data-id=\"662b8c6\" data-element_type=\"column\">\n\t\t\t<div class=\"elementor-widget-wrap elementor-element-populated\">\n\t\t\t\t\t\t<div class=\"elementor-element elementor-element-1e24029 elementor-widget elementor-widget-heading\" data-id=\"1e24029\" data-element_type=\"widget\" data-widget_type=\"heading.default\">\n\t\t\t\t<div class=\"elementor-widget-container\">\n\t\t\t\t\t<h1 class=\"elementor-heading-title elementor-size-default\">LA BICI NOS UNE<\/h1>\t\t\t\t<\/div>\n\t\t\t\t<\/div>\n\t\t\t\t<div class=\"elementor-element elementor-element-bfbc418 elementor-widget elementor-widget-heading\" data-id=\"bfbc418\" data-element_type=\"widget\" data-widget_type=\"heading.default\">\n\t\t\t\t<div class=\"elementor-widget-container\">\n\t\t\t\t\t<h2 class=\"elementor-heading-title elementor-size-default\">documental - 3 cap\u00edtulos<\/h2>\t\t\t\t<\/div>\n\t\t\t\t<\/div>\n\t\t\t\t<div class=\"elementor-element elementor-element-f27f06a elementor-widget elementor-widget-text-editor\" data-id=\"f27f06a\" data-element_type=\"widget\" data-widget_type=\"text-editor.default\">\n\t\t\t\t<div class=\"elementor-widget-container\">\n\t\t\t\t\t\t\t\t\t<p>Con la\u00a0<strong>GIZ<\/strong>\u00a0y\u00a0<strong>CFF<\/strong>\u00a0investigamos y descubrimos por qu\u00e9 el uso de bicicletas contribuye a la\u00a0<strong>econom\u00eda<\/strong>, el\u00a0<strong>medio ambiente<\/strong>, la\u00a0<strong>sostenibilidad<\/strong>\u00a0y la construcci\u00f3n de ciudades con\u00a0<strong>enfoque de g\u00e9nero<\/strong>. Recorrimos Colombia retratando el impacto de proyectos relacionados con la\u00a0<strong>movilidad sostenible<\/strong>\u00a0apoyados por la cooperaci\u00f3n alemana.<\/p>\t\t\t\t\t\t\t\t<\/div>\n\t\t\t\t<\/div>\n\t\t\t\t\t<\/div>\n\t\t<\/div>\n\t\t\t\t\t<\/div>\n\t\t<\/section>\n\t\t\t\t<section class=\"elementor-section elementor-top-section elementor-element elementor-element-b7f9ca6 elementor-section-boxed elementor-section-height-default elementor-section-height-default wpr-particle-no wpr-jarallax-no wpr-parallax-no wpr-sticky-section-no\" data-id=\"b7f9ca6\" data-element_type=\"section\" data-settings=\"{&quot;background_background&quot;:&quot;classic&quot;,&quot;shape_divider_bottom&quot;:&quot;tilt&quot;}\">\n\t\t\t\t\t<div class=\"elementor-shape elementor-shape-bottom\" data-negative=\"false\">\n\t\t\t<svg xmlns=\"http:\/\/www.w3.org\/2000\/svg\" viewBox=\"0 0 1000 100\" preserveAspectRatio=\"none\">\n\t<path class=\"elementor-shape-fill\" d=\"M0,6V0h1000v100L0,6z\"\/>\n<\/svg>\t\t<\/div>\n\t\t\t\t\t<div class=\"elementor-container elementor-column-gap-default\">\n\t\t\t\t\t<div class=\"elementor-column elementor-col-100 elementor-top-column elementor-element elementor-element-0ab53fd\" data-id=\"0ab53fd\" data-element_type=\"column\">\n\t\t\t<div class=\"elementor-widget-wrap elementor-element-populated\">\n\t\t\t\t\t\t<div class=\"elementor-element elementor-element-52ad9cc elementor-widget-divider--view-line elementor-widget elementor-widget-divider\" data-id=\"52ad9cc\" data-element_type=\"widget\" data-widget_type=\"divider.default\">\n\t\t\t\t<div class=\"elementor-widget-container\">\n\t\t\t\t\t\t\t<div class=\"elementor-divider\">\n\t\t\t<span class=\"elementor-divider-separator\">\n\t\t\t\t\t\t<\/span>\n\t\t<\/div>\n\t\t\t\t\t\t<\/div>\n\t\t\t\t<\/div>\n\t\t\t\t<div class=\"elementor-element elementor-element-d8bb6a2 elementor-widget elementor-widget-heading\" data-id=\"d8bb6a2\" data-element_type=\"widget\" data-widget_type=\"heading.default\">\n\t\t\t\t<div class=\"elementor-widget-container\">\n\t\t\t\t\t<h2 class=\"elementor-heading-title elementor-size-default\">PROYECTOS RELACIONADOS<\/h2>\t\t\t\t<\/div>\n\t\t\t\t<\/div>\n\t\t\t\t<div class=\"elementor-element elementor-element-fb5c1a0 elementor-widget elementor-widget-elpug\" data-id=\"fb5c1a0\" data-element_type=\"widget\" data-widget_type=\"elpug.default\">\n\t\t\t\t<div class=\"elementor-widget-container\">\n\t\t\t\t\t\t\t\n\t\n\t\t<input id=\"powerfolio_pagination_postsperpage\" type=\"hidden\" value=\"\" \/><div class=\"elpt-portfolio elpt_powerfolio_68570\"><div class=\"elpt-portfolio-content elpt-portfolio-content-isotope elpt-portfolio-style-masonry  simple elpt-portfolio-columns-3  elpt-portfolio-margin\"><div class=\"portfolio-item-wrapper 4065 post-1394 elemenfolio type-elemenfolio status-publish has-post-thumbnail hentry elemenfoliocategory-documental elemenfoliocategory-film elemenfoliocategory-branding elemenfoliocategory-fotografia elemenfoliocategory-uiux elemenfoliocategory-web\"><a href=\"https:\/\/epigrama.co\/en\/portfolio\/sur-de-mar\/\" class=\"portfolio-item \" style=\"background-image: url(https:\/\/epigrama.co\/wp-content\/uploads\/2025\/01\/SurDeMar.jpg)\" title=\"Sur De Mar\"><img decoding=\"async\" src=\"https:\/\/epigrama.co\/wp-content\/uploads\/2025\/01\/SurDeMar.jpg\" title=\"Sur De Mar\" alt=\"Sur De Mar\" \/><div class=\"portfolio-item-infos-wrapper\" style=\"background-color:\"><div class=\"portfolio-item-infos\"><div class=\"portfolio-item-title\"><span class=\"portfolio-item-title-span\">Sur De Mar<\/span><\/div><div class=\"portfolio-item-category\"><span class=\"elpt-portfolio-cat\">Branding<\/span><span class=\"elpt-portfolio-cat\">Fotograf\u00eda<\/span><span class=\"elpt-portfolio-cat\">UI\/UX<\/span><span class=\"elpt-portfolio-cat\">Web<\/span><\/div><\/div><\/div><\/a><\/div><div class=\"portfolio-item-wrapper 4047 post-1394 elemenfolio type-elemenfolio status-publish has-post-thumbnail hentry elemenfoliocategory-documental elemenfoliocategory-film\"><a href=\"https:\/\/epigrama.co\/en\/portfolio\/icbf-plan-contra-la-desnutricion\/\" class=\"portfolio-item \" style=\"background-image: url(https:\/\/epigrama.co\/wp-content\/uploads\/2025\/01\/ICBF_Ni1_Plan-Contra-La-Desnutricion.jpg)\" title=\"ICBF &#8211; PLAN CONTRA LA DESNUTRICI\u00d3N\"><img decoding=\"async\" src=\"https:\/\/epigrama.co\/wp-content\/uploads\/2025\/01\/ICBF_Ni1_Plan-Contra-La-Desnutricion.jpg\" title=\"ICBF &#8211; PLAN CONTRA LA DESNUTRICI\u00d3N\" alt=\"ICBF &#8211; PLAN CONTRA LA DESNUTRICI\u00d3N\" \/><div class=\"portfolio-item-infos-wrapper\" style=\"background-color:\"><div class=\"portfolio-item-infos\"><div class=\"portfolio-item-title\"><span class=\"portfolio-item-title-span\">ICBF &#8211; PLAN CONTRA LA DESNUTRICI\u00d3N<\/span><\/div><div class=\"portfolio-item-category\"><span class=\"elpt-portfolio-cat\">Documental<\/span><span class=\"elpt-portfolio-cat\">Film<\/span><\/div><\/div><\/div><\/a><\/div><div class=\"portfolio-item-wrapper 4016 post-1394 elemenfolio type-elemenfolio status-publish has-post-thumbnail hentry elemenfoliocategory-documental elemenfoliocategory-film elemenfoliocategory-branding elemenfoliocategory-editorial\"><a href=\"https:\/\/epigrama.co\/en\/portfolio\/sol\/\" class=\"portfolio-item \" style=\"background-image: url(https:\/\/epigrama.co\/wp-content\/uploads\/2024\/08\/Sol-Branding-2.jpg)\" title=\"SOL\"><img decoding=\"async\" src=\"https:\/\/epigrama.co\/wp-content\/uploads\/2024\/08\/Sol-Branding-2.jpg\" title=\"SOL\" alt=\"SOL\" \/><div class=\"portfolio-item-infos-wrapper\" style=\"background-color:\"><div class=\"portfolio-item-infos\"><div class=\"portfolio-item-title\"><span class=\"portfolio-item-title-span\">SOL<\/span><\/div><div class=\"portfolio-item-category\"><span class=\"elpt-portfolio-cat\">Branding<\/span><span class=\"elpt-portfolio-cat\">Editorial<\/span><\/div><\/div><\/div><\/a><\/div><\/div><\/div>\t\t\n\n\t\t\t\n\n\t\t<script><\/script>\n\t\t\t\n\n\t\t\t\t\t\t<\/div>\n\t\t\t\t<\/div>\n\t\t\t\t<div class=\"elementor-element elementor-element-1809773 elementor-align-right elementor-widget elementor-widget-button\" data-id=\"1809773\" data-element_type=\"widget\" data-widget_type=\"button.default\">\n\t\t\t\t<div class=\"elementor-widget-container\">\n\t\t\t\t\t\t\t\t\t<div class=\"elementor-button-wrapper\">\n\t\t\t\t\t<a class=\"elementor-button elementor-button-link elementor-size-sm\" href=\"https:\/\/epigrama.co\/portafolio\/\">\n\t\t\t\t\t\t<span class=\"elementor-button-content-wrapper\">\n\t\t\t\t\t\t\t\t\t<span class=\"elementor-button-text\">VER TODO<\/span>\n\t\t\t\t\t<\/span>\n\t\t\t\t\t<\/a>\n\t\t\t\t<\/div>\n\t\t\t\t\t\t\t\t<\/div>\n\t\t\t\t<\/div>\n\t\t\t\t\t<\/div>\n\t\t<\/div>\n\t\t\t\t\t<\/div>\n\t\t<\/section>\n\t\t\t\t<\/div>\n\t\t","protected":false},"featured_media":1666,"template":"","elemenfoliocategory":[5,6],"yoast_head":"<!-- This site is optimized with the Yoast SEO plugin v22.5 - https:\/\/yoast.com\/wordpress\/plugins\/seo\/ -->\n<title>LA BICI NOS UNE - EPIGRAMA STUDIOS<\/title>\n<meta name=\"description\" content=\"Con la GIZ y CFF investigamos y descubrimos por qu\u00e9 el uso de bicicletas contribuye a la econom\u00eda, el medio ambiente, la sostenibilidad y la construcci\u00f3n de ciudades con enfoque de g\u00e9nero. Recorrimos Colombia retratando el impacto de proyectos relacionados con la movilidad sostenible apoyados por la cooperaci\u00f3n alemana.\" \/>\n<meta name=\"robots\" content=\"index, follow, max-snippet:-1, max-image-preview:large, max-video-preview:-1\" \/>\n<link rel=\"canonical\" href=\"https:\/\/epigrama.co\/en\/portfolio\/la-bici-nos-une\/\" \/>\n<meta property=\"og:locale\" content=\"en_GB\" \/>\n<meta property=\"og:type\" content=\"article\" \/>\n<meta property=\"og:title\" content=\"LA BICI NOS UNE - EPIGRAMA STUDIOS\" \/>\n<meta property=\"og:description\" content=\"Con la GIZ y CFF investigamos y descubrimos por qu\u00e9 el uso de bicicletas contribuye a la econom\u00eda, el medio ambiente, la sostenibilidad y la construcci\u00f3n de ciudades con enfoque de g\u00e9nero. Recorrimos Colombia retratando el impacto de proyectos relacionados con la movilidad sostenible apoyados por la cooperaci\u00f3n alemana.\" \/>\n<meta property=\"og:url\" content=\"https:\/\/epigrama.co\/en\/portfolio\/la-bici-nos-une\/\" \/>\n<meta property=\"og:site_name\" content=\"EPIGRAMA STUDIOS\" \/>\n<meta property=\"article:modified_time\" content=\"2022-07-05T22:53:49+00:00\" \/>\n<meta property=\"og:image\" content=\"https:\/\/epigrama.co\/wp-content\/uploads\/2022\/07\/labicinosune-epigrama-copia.jpg\" \/>\n\t<meta property=\"og:image:width\" content=\"600\" \/>\n\t<meta property=\"og:image:height\" content=\"336\" \/>\n\t<meta property=\"og:image:type\" content=\"image\/jpeg\" \/>\n<meta name=\"twitter:card\" content=\"summary_large_image\" \/>\n<meta name=\"twitter:label1\" content=\"Estimated reading time\" \/>\n\t<meta name=\"twitter:data1\" content=\"1 minute\" \/>\n<script type=\"application\/ld+json\" class=\"yoast-schema-graph\">{\"@context\":\"https:\/\/schema.org\",\"@graph\":[{\"@type\":\"WebPage\",\"@id\":\"https:\/\/epigrama.co\/portfolio\/la-bici-nos-une\/\",\"url\":\"https:\/\/epigrama.co\/portfolio\/la-bici-nos-une\/\",\"name\":\"LA BICI NOS UNE - EPIGRAMA STUDIOS\",\"isPartOf\":{\"@id\":\"https:\/\/epigrama.co\/#website\"},\"primaryImageOfPage\":{\"@id\":\"https:\/\/epigrama.co\/portfolio\/la-bici-nos-une\/#primaryimage\"},\"image\":{\"@id\":\"https:\/\/epigrama.co\/portfolio\/la-bici-nos-une\/#primaryimage\"},\"thumbnailUrl\":\"https:\/\/epigrama.co\/wp-content\/uploads\/2022\/07\/labicinosune-epigrama-copia.jpg\",\"datePublished\":\"2022-07-05T09:22:20+00:00\",\"dateModified\":\"2022-07-05T22:53:49+00:00\",\"description\":\"Con la GIZ y CFF investigamos y descubrimos por qu\u00e9 el uso de bicicletas contribuye a la econom\u00eda, el medio ambiente, la sostenibilidad y la construcci\u00f3n de ciudades con enfoque de g\u00e9nero. Recorrimos Colombia retratando el impacto de proyectos relacionados con la movilidad sostenible apoyados por la cooperaci\u00f3n alemana.\",\"breadcrumb\":{\"@id\":\"https:\/\/epigrama.co\/portfolio\/la-bici-nos-une\/#breadcrumb\"},\"inLanguage\":\"en-GB\",\"potentialAction\":[{\"@type\":\"ReadAction\",\"target\":[\"https:\/\/epigrama.co\/portfolio\/la-bici-nos-une\/\"]}]},{\"@type\":\"ImageObject\",\"inLanguage\":\"en-GB\",\"@id\":\"https:\/\/epigrama.co\/portfolio\/la-bici-nos-une\/#primaryimage\",\"url\":\"https:\/\/epigrama.co\/wp-content\/uploads\/2022\/07\/labicinosune-epigrama-copia.jpg\",\"contentUrl\":\"https:\/\/epigrama.co\/wp-content\/uploads\/2022\/07\/labicinosune-epigrama-copia.jpg\",\"width\":600,\"height\":336},{\"@type\":\"BreadcrumbList\",\"@id\":\"https:\/\/epigrama.co\/portfolio\/la-bici-nos-une\/#breadcrumb\",\"itemListElement\":[{\"@type\":\"ListItem\",\"position\":1,\"name\":\"Home\",\"item\":\"https:\/\/epigrama.co\/\"},{\"@type\":\"ListItem\",\"position\":2,\"name\":\"LA BICI NOS UNE\"}]},{\"@type\":\"WebSite\",\"@id\":\"https:\/\/epigrama.co\/#website\",\"url\":\"https:\/\/epigrama.co\/\",\"name\":\"EPIGRAMA STUDIOS\",\"description\":\"Relatos Visuales\",\"publisher\":{\"@id\":\"https:\/\/epigrama.co\/#organization\"},\"potentialAction\":[{\"@type\":\"SearchAction\",\"target\":{\"@type\":\"EntryPoint\",\"urlTemplate\":\"https:\/\/epigrama.co\/?s={search_term_string}\"},\"query-input\":\"required name=search_term_string\"}],\"inLanguage\":\"en-GB\"},{\"@type\":\"Organization\",\"@id\":\"https:\/\/epigrama.co\/#organization\",\"name\":\"EPIGRAMA STUDIOS\",\"url\":\"https:\/\/epigrama.co\/\",\"logo\":{\"@type\":\"ImageObject\",\"inLanguage\":\"en-GB\",\"@id\":\"https:\/\/epigrama.co\/#\/schema\/logo\/image\/\",\"url\":\"https:\/\/epigrama.co\/wp-content\/uploads\/2022\/06\/Epigrama-typo.png\",\"contentUrl\":\"https:\/\/epigrama.co\/wp-content\/uploads\/2022\/06\/Epigrama-typo.png\",\"width\":540,\"height\":141,\"caption\":\"EPIGRAMA STUDIOS\"},\"image\":{\"@id\":\"https:\/\/epigrama.co\/#\/schema\/logo\/image\/\"},\"sameAs\":[\"https:\/\/www.instagram.com\/epigrama_studios\/\",\"https:\/\/www.linkedin.com\/company\/epigrama\/about\/\"]}]}<\/script>\n<!-- \/ Yoast SEO plugin. -->","yoast_head_json":{"title":"LA BICI NOS UNE - EPIGRAMA STUDIOS","description":"Con la GIZ y CFF investigamos y descubrimos por qu\u00e9 el uso de bicicletas contribuye a la econom\u00eda, el medio ambiente, la sostenibilidad y la construcci\u00f3n de ciudades con enfoque de g\u00e9nero. Recorrimos Colombia retratando el impacto de proyectos relacionados con la movilidad sostenible apoyados por la cooperaci\u00f3n alemana.","robots":{"index":"index","follow":"follow","max-snippet":"max-snippet:-1","max-image-preview":"max-image-preview:large","max-video-preview":"max-video-preview:-1"},"canonical":"https:\/\/epigrama.co\/en\/portfolio\/la-bici-nos-une\/","og_locale":"en_GB","og_type":"article","og_title":"LA BICI NOS UNE - EPIGRAMA STUDIOS","og_description":"Con la GIZ y CFF investigamos y descubrimos por qu\u00e9 el uso de bicicletas contribuye a la econom\u00eda, el medio ambiente, la sostenibilidad y la construcci\u00f3n de ciudades con enfoque de g\u00e9nero. Recorrimos Colombia retratando el impacto de proyectos relacionados con la movilidad sostenible apoyados por la cooperaci\u00f3n alemana.","og_url":"https:\/\/epigrama.co\/en\/portfolio\/la-bici-nos-une\/","og_site_name":"EPIGRAMA STUDIOS","article_modified_time":"2022-07-05T22:53:49+00:00","og_image":[{"width":600,"height":336,"url":"https:\/\/epigrama.co\/wp-content\/uploads\/2022\/07\/labicinosune-epigrama-copia.jpg","type":"image\/jpeg"}],"twitter_card":"summary_large_image","twitter_misc":{"Estimated reading time":"1 minute"},"schema":{"@context":"https:\/\/schema.org","@graph":[{"@type":"WebPage","@id":"https:\/\/epigrama.co\/portfolio\/la-bici-nos-une\/","url":"https:\/\/epigrama.co\/portfolio\/la-bici-nos-une\/","name":"LA BICI NOS UNE - EPIGRAMA STUDIOS","isPartOf":{"@id":"https:\/\/epigrama.co\/#website"},"primaryImageOfPage":{"@id":"https:\/\/epigrama.co\/portfolio\/la-bici-nos-une\/#primaryimage"},"image":{"@id":"https:\/\/epigrama.co\/portfolio\/la-bici-nos-une\/#primaryimage"},"thumbnailUrl":"https:\/\/epigrama.co\/wp-content\/uploads\/2022\/07\/labicinosune-epigrama-copia.jpg","datePublished":"2022-07-05T09:22:20+00:00","dateModified":"2022-07-05T22:53:49+00:00","description":"Con la GIZ y CFF investigamos y descubrimos por qu\u00e9 el uso de bicicletas contribuye a la econom\u00eda, el medio ambiente, la sostenibilidad y la construcci\u00f3n de ciudades con enfoque de g\u00e9nero. Recorrimos Colombia retratando el impacto de proyectos relacionados con la movilidad sostenible apoyados por la cooperaci\u00f3n alemana.","breadcrumb":{"@id":"https:\/\/epigrama.co\/portfolio\/la-bici-nos-une\/#breadcrumb"},"inLanguage":"en-GB","potentialAction":[{"@type":"ReadAction","target":["https:\/\/epigrama.co\/portfolio\/la-bici-nos-une\/"]}]},{"@type":"ImageObject","inLanguage":"en-GB","@id":"https:\/\/epigrama.co\/portfolio\/la-bici-nos-une\/#primaryimage","url":"https:\/\/epigrama.co\/wp-content\/uploads\/2022\/07\/labicinosune-epigrama-copia.jpg","contentUrl":"https:\/\/epigrama.co\/wp-content\/uploads\/2022\/07\/labicinosune-epigrama-copia.jpg","width":600,"height":336},{"@type":"BreadcrumbList","@id":"https:\/\/epigrama.co\/portfolio\/la-bici-nos-une\/#breadcrumb","itemListElement":[{"@type":"ListItem","position":1,"name":"Home","item":"https:\/\/epigrama.co\/"},{"@type":"ListItem","position":2,"name":"LA BICI NOS UNE"}]},{"@type":"WebSite","@id":"https:\/\/epigrama.co\/#website","url":"https:\/\/epigrama.co\/","name":"EPIGRAMA STUDIOS","description":"Relatos Visuales","publisher":{"@id":"https:\/\/epigrama.co\/#organization"},"potentialAction":[{"@type":"SearchAction","target":{"@type":"EntryPoint","urlTemplate":"https:\/\/epigrama.co\/?s={search_term_string}"},"query-input":"required name=search_term_string"}],"inLanguage":"en-GB"},{"@type":"Organization","@id":"https:\/\/epigrama.co\/#organization","name":"EPIGRAMA STUDIOS","url":"https:\/\/epigrama.co\/","logo":{"@type":"ImageObject","inLanguage":"en-GB","@id":"https:\/\/epigrama.co\/#\/schema\/logo\/image\/","url":"https:\/\/epigrama.co\/wp-content\/uploads\/2022\/06\/Epigrama-typo.png","contentUrl":"https:\/\/epigrama.co\/wp-content\/uploads\/2022\/06\/Epigrama-typo.png","width":540,"height":141,"caption":"EPIGRAMA STUDIOS"},"image":{"@id":"https:\/\/epigrama.co\/#\/schema\/logo\/image\/"},"sameAs":["https:\/\/www.instagram.com\/epigrama_studios\/","https:\/\/www.linkedin.com\/company\/epigrama\/about\/"]}]}},"_links":{"self":[{"href":"https:\/\/epigrama.co\/en\/wp-json\/wp\/v2\/elemenfolio\/1394"}],"collection":[{"href":"https:\/\/epigrama.co\/en\/wp-json\/wp\/v2\/elemenfolio"}],"about":[{"href":"https:\/\/epigrama.co\/en\/wp-json\/wp\/v2\/types\/elemenfolio"}],"version-history":[{"count":15,"href":"https:\/\/epigrama.co\/en\/wp-json\/wp\/v2\/elemenfolio\/1394\/revisions"}],"predecessor-version":[{"id":1667,"href":"https:\/\/epigrama.co\/en\/wp-json\/wp\/v2\/elemenfolio\/1394\/revisions\/1667"}],"wp:featuredmedia":[{"embeddable":true,"href":"https:\/\/epigrama.co\/en\/wp-json\/wp\/v2\/media\/1666"}],"wp:attachment":[{"href":"https:\/\/epigrama.co\/en\/wp-json\/wp\/v2\/media?parent=1394"}],"wp:term":[{"taxonomy":"elemenfoliocategory","embeddable":true,"href":"https:\/\/epigrama.co\/en\/wp-json\/wp\/v2\/elemenfoliocategory?post=1394"}],"curies":[{"name":"wp","href":"https:\/\/api.w.org\/{rel}","templated":true}]}}